{"id":179,"date":"2017-10-31T00:28:48","date_gmt":"2017-10-31T02:28:48","guid":{"rendered":"https:\/\/sdcentras.lt\/?page_id=179"},"modified":"2025-03-10T23:10:13","modified_gmt":"2025-03-10T21:10:13","slug":"kvalifikacijos-tobulinimo-vizitai","status":"publish","type":"page","link":"https:\/\/sdcentras.lt\/en\/renginiai\/kvalifikacijos-tobulinimo-vizitai\/","title":{"rendered":"Kvalifikacijos tobulinimo vizitai"},"content":{"rendered":"<p>[vc_row css_animation=&#8221;&#8221; row_type=&#8221;row&#8221; use_row_as_full_screen_section=&#8221;no&#8221; type=&#8221;full_width&#8221; angled_section=&#8221;no&#8221; text_align=&#8221;left&#8221; background_image_as_pattern=&#8221;without_pattern&#8221;][vc_column]<div class='latest_post_two_holder one_column'><ul><li class=\"clearfix\"><div class=\"latest_post_two_image\"><a itemprop=\"url\" href=\"https:\/\/sdcentras.lt\/en\/lets-talk\/\"><\/a><\/div><div class=\"latest_post_two_inner\" ><div class=\"latest_post_two_text\"><h5 itemprop=\"name\" class=\"latest_post_two_title entry_title\"><a itemprop=\"url\" href=\"https:\/\/sdcentras.lt\/en\/lets-talk\/\" >Let`s Talk<\/a><\/h5><div class=\"separator small left \" ><\/div><p itemprop=\"description\" class=\"latest_post_two_excerpt\" >GULLBERG, Sofia; LINDH, Jan; OLSSON, Asa; ROTZIUS, Pierre Let&#8217;s talk \u0160iuolaikini\u0173 didaktik\u0173 centras, 2015 Metodinis leidinys i\u0161leistas \u012fgyvendinant Lietuvoje tarptautin\u0119 alkoholio vartojimo prevencijos program\u0105 &#8220;Kalb\u0117kim\u0117s&#8221;. Tai yra alkoholio prevencijai skirt\u0173 mokom\u0173j\u0173 u\u017esi\u0117mim\u0173 rinkinys, parengtas darbui su 11\u201318 m. am\u017eiaus, mokiniais. \u0160iame rinkinyje pateikiama daug aktyvi\u0173...<\/p><\/div><div class=\"latest_post_two_info\" ><div class=\"latest_post_two_info_inner\" ><div class=\"post_info_author\"><img alt='Author Image' src='https:\/\/secure.gravatar.com\/avatar\/e23a49f177f4add18245577349dad2cd766fcc361465c5680984edb48ad90d62?s=30&#038;d=mm&#038;r=g' srcset='https:\/\/secure.gravatar.com\/avatar\/e23a49f177f4add18245577349dad2cd766fcc361465c5680984edb48ad90d62?s=60&#038;d=mm&#038;r=g 2x' class='avatar avatar-30 photo' height='30' width='30' \/><span class=\"post_info_author_name\">\u0160iuolaikini\u0173 didaktik\u0173 centras<\/span><\/div><div itemprop=\"dateCreated\" class=\"post_info_date entry_date updated\">23 January, 2018<meta itemprop=\"interactionCount\" content=\"UserComments: <?php echo get_comments_number(qode_get_page_id()); ?>\"\/><\/div><\/div><\/div><\/div><\/li><li class=\"clearfix\"><div class=\"latest_post_two_image\"><a itemprop=\"url\" href=\"https:\/\/sdcentras.lt\/en\/guidelines-for-mentors-and-mentoring-programme-coordinators\/\"><\/a><\/div><div class=\"latest_post_two_inner\" ><div class=\"latest_post_two_text\"><h5 itemprop=\"name\" class=\"latest_post_two_title entry_title\"><a itemprop=\"url\" href=\"https:\/\/sdcentras.lt\/en\/guidelines-for-mentors-and-mentoring-programme-coordinators\/\" >Guidelines for Mentors and Mentoring Programme Coordinators<\/a><\/h5><div class=\"separator small left \" ><\/div><p itemprop=\"description\" class=\"latest_post_two_excerpt\" >Guidelines for Mentors and Mentoring Programme Coordinators Prepared by LeGME project teem, 2015 The guidelines has been developed within the Learning to Be a Good Mentor (LeGMe) project(2013-2015). The guidelines is conceived as an interactive tool for thoose, who decide to create a mentoring programme...<\/p><\/div><div class=\"latest_post_two_info\" ><div class=\"latest_post_two_info_inner\" ><div class=\"post_info_author\"><img alt='Author Image' src='https:\/\/secure.gravatar.com\/avatar\/e23a49f177f4add18245577349dad2cd766fcc361465c5680984edb48ad90d62?s=30&#038;d=mm&#038;r=g' srcset='https:\/\/secure.gravatar.com\/avatar\/e23a49f177f4add18245577349dad2cd766fcc361465c5680984edb48ad90d62?s=60&#038;d=mm&#038;r=g 2x' class='avatar avatar-30 photo' height='30' width='30' \/><span class=\"post_info_author_name\">\u0160iuolaikini\u0173 didaktik\u0173 centras<\/span><\/div><div itemprop=\"dateCreated\" class=\"post_info_date entry_date updated\">23 January, 2018<meta itemprop=\"interactionCount\" content=\"UserComments: <?php echo get_comments_number(qode_get_page_id()); ?>\"\/><\/div><\/div><\/div><\/div><\/li><li class=\"clearfix\"><div class=\"latest_post_two_image\"><a itemprop=\"url\" href=\"https:\/\/sdcentras.lt\/en\/kritinio-mastymo-ugdymo-mokomoji-medziaga-mokiniu-ir-jaunimo-organizaciju-nariams\/\"><\/a><\/div><div class=\"latest_post_two_inner\" ><div class=\"latest_post_two_text\"><h5 itemprop=\"name\" class=\"latest_post_two_title entry_title\"><a itemprop=\"url\" href=\"https:\/\/sdcentras.lt\/en\/kritinio-mastymo-ugdymo-mokomoji-medziaga-mokiniu-ir-jaunimo-organizaciju-nariams\/\" >Kritinio m\u0105stymo ugdymo mokomoji med\u017eiaga mokini\u0173 ir jaunimo organizacij\u0173 nariams<\/a><\/h5><div class=\"separator small left \" ><\/div><p itemprop=\"description\" class=\"latest_post_two_excerpt\" >Kritinio m\u0105stymo ugdymo mokomoji med\u017eiaga mokini\u0173 ir jaunimo organizacij\u0173 nariams Pareng\u0117 \u0160iuolaikini\u0173 didaktik\u0173 centras, 2014 \u0160is leidinys parengtas \u012fgyvendinant projekt\u0105 \u201eKritinio m\u0105stymo kompetencij\u0173 pl\u0117tojimas neformalaus ugdymo veiklose\u201c (2013-2015 m.). Mokomoji med\u017eiaga jaunimo organizacij\u0173 nariams pad\u0117s tikslingiau, prasmingiau planuoti bei organizuoti veiklas, skirtas darbui su bendraam\u017eiais...<\/p><\/div><div class=\"latest_post_two_info\" ><div class=\"latest_post_two_info_inner\" ><div class=\"post_info_author\"><img alt='Author Image' src='https:\/\/secure.gravatar.com\/avatar\/e23a49f177f4add18245577349dad2cd766fcc361465c5680984edb48ad90d62?s=30&#038;d=mm&#038;r=g' srcset='https:\/\/secure.gravatar.com\/avatar\/e23a49f177f4add18245577349dad2cd766fcc361465c5680984edb48ad90d62?s=60&#038;d=mm&#038;r=g 2x' class='avatar avatar-30 photo' height='30' width='30' \/><span class=\"post_info_author_name\">\u0160iuolaikini\u0173 didaktik\u0173 centras<\/span><\/div><div itemprop=\"dateCreated\" class=\"post_info_date entry_date updated\">23 January, 2018<meta itemprop=\"interactionCount\" content=\"UserComments: <?php echo get_comments_number(qode_get_page_id()); ?>\"\/><\/div><\/div><\/div><\/div><\/li><li class=\"clearfix\"><div class=\"latest_post_two_image\"><a itemprop=\"url\" href=\"https:\/\/sdcentras.lt\/en\/rekomendacijos-tevams-apie-vaiku-ir-jaunimo-kritinio-mastymo-ugdyma\/\"><\/a><\/div><div class=\"latest_post_two_inner\" ><div class=\"latest_post_two_text\"><h5 itemprop=\"name\" class=\"latest_post_two_title entry_title\"><a itemprop=\"url\" href=\"https:\/\/sdcentras.lt\/en\/rekomendacijos-tevams-apie-vaiku-ir-jaunimo-kritinio-mastymo-ugdyma\/\" >Rekomendacijos t\u0117vams apie vaik\u0173 ir jaunimo kritinio m\u0105stymo ugdym\u0105<\/a><\/h5><div class=\"separator small left \" ><\/div><p itemprop=\"description\" class=\"latest_post_two_excerpt\" >Rekomendacijos t\u0117vams apie vaik\u0173 ir jaunimo kritinio m\u0105stymo ugdym\u0105 Pareng\u0117 \u0160iuolaikini\u0173 didaktik\u0173 centras, 2014 \u0160is leidinys parengtas \u012fgyvendinant projekt\u0105 \u201eKritinio m\u0105stymo kompetencij\u0173 pl\u0117tojimas neformalaus ugdymo veiklose\u201c (2013-2015 m.). Rekomendacijos skirtos t\u0117vams, auginantiems prie\u0161mokyklinio ir mokyklinio am\u017eiaus vaikus. J\u0173 paskirtis \u2013 pad\u0117ti \u012f\u017evelgti, atpa\u017einti, ugdyti ir...<\/p><\/div><div class=\"latest_post_two_info\" ><div class=\"latest_post_two_info_inner\" ><div class=\"post_info_author\"><img alt='Author Image' src='https:\/\/secure.gravatar.com\/avatar\/e23a49f177f4add18245577349dad2cd766fcc361465c5680984edb48ad90d62?s=30&#038;d=mm&#038;r=g' srcset='https:\/\/secure.gravatar.com\/avatar\/e23a49f177f4add18245577349dad2cd766fcc361465c5680984edb48ad90d62?s=60&#038;d=mm&#038;r=g 2x' class='avatar avatar-30 photo' height='30' width='30' \/><span class=\"post_info_author_name\">\u0160iuolaikini\u0173 didaktik\u0173 centras<\/span><\/div><div itemprop=\"dateCreated\" class=\"post_info_date entry_date updated\">23 January, 2018<meta itemprop=\"interactionCount\" content=\"UserComments: <?php echo get_comments_number(qode_get_page_id()); ?>\"\/><\/div><\/div><\/div><\/div><\/li><li class=\"clearfix\"><div class=\"latest_post_two_image\"><a itemprop=\"url\" href=\"https:\/\/sdcentras.lt\/en\/mokiniu-kurybiskumo-ugdymo-lietuviu-gimtosios-kalbos-pamokose-metodika\/\"><\/a><\/div><div class=\"latest_post_two_inner\" ><div class=\"latest_post_two_text\"><h5 itemprop=\"name\" class=\"latest_post_two_title entry_title\"><a itemprop=\"url\" href=\"https:\/\/sdcentras.lt\/en\/mokiniu-kurybiskumo-ugdymo-lietuviu-gimtosios-kalbos-pamokose-metodika\/\" >Mokini\u0173 k\u016brybi\u0161kumo ugdymo lietuvi\u0173 (gimtosios) kalbos pamokose metodika<\/a><\/h5><div class=\"separator small left \" ><\/div><p itemprop=\"description\" class=\"latest_post_two_excerpt\" >Mokini\u0173 k\u016brybi\u0161kumo ugdymo lietuvi\u0173 (gimtosios) kalbos pamokose metodika Pareng\u0117 \u0160iuolaikini\u0173 didaktik\u0173 centras, 2013 \u0160is leidinys parengtas \u012fgyvendinant projekt\u0105 \u201eK\u016brybi\u0161kumo ugdymas: tyrimai ir metodika\u201c (2011-2013 m.). K\u016brybi\u0161kumo ugdymo metodika yra bendra visoms klas\u0117ms, apima visas galimas rai\u0161kos priemones dirbant tiek pradin\u0117je, tiek pagrindin\u0117je, tiek vidurin\u0117je mokykloje....<\/p><\/div><div class=\"latest_post_two_info\" ><div class=\"latest_post_two_info_inner\" ><div class=\"post_info_author\"><img alt='Author Image' src='https:\/\/secure.gravatar.com\/avatar\/e23a49f177f4add18245577349dad2cd766fcc361465c5680984edb48ad90d62?s=30&#038;d=mm&#038;r=g' srcset='https:\/\/secure.gravatar.com\/avatar\/e23a49f177f4add18245577349dad2cd766fcc361465c5680984edb48ad90d62?s=60&#038;d=mm&#038;r=g 2x' class='avatar avatar-30 photo' height='30' width='30' \/><span class=\"post_info_author_name\">\u0160iuolaikini\u0173 didaktik\u0173 centras<\/span><\/div><div itemprop=\"dateCreated\" class=\"post_info_date entry_date updated\">23 January, 2018<meta itemprop=\"interactionCount\" content=\"UserComments: <?php echo get_comments_number(qode_get_page_id()); ?>\"\/><\/div><\/div><\/div><\/div><\/li><li class=\"clearfix\"><div class=\"latest_post_two_image\"><a itemprop=\"url\" href=\"https:\/\/sdcentras.lt\/en\/mokiniu-kurybiskumo-ugdymo-lietuviu-gimtosios-kalbos-pamokose-mokomoji-medziaga\/\"><img loading=\"lazy\" decoding=\"async\" width=\"600\" height=\"420\" src=\"https:\/\/sdcentras.lt\/wp-content\/uploads\/kurybiskumo-ugdymo-leidiniai.jpg\" class=\"attachment-portfolio_masonry_with_space size-portfolio_masonry_with_space wp-post-image\" alt=\"\" srcset=\"https:\/\/sdcentras.lt\/wp-content\/uploads\/kurybiskumo-ugdymo-leidiniai.jpg 600w, https:\/\/sdcentras.lt\/wp-content\/uploads\/kurybiskumo-ugdymo-leidiniai-300x210.jpg 300w\" sizes=\"auto, (max-width: 600px) 100vw, 600px\" \/><\/a><\/div><div class=\"latest_post_two_inner\" ><div class=\"latest_post_two_text\"><h5 itemprop=\"name\" class=\"latest_post_two_title entry_title\"><a itemprop=\"url\" href=\"https:\/\/sdcentras.lt\/en\/mokiniu-kurybiskumo-ugdymo-lietuviu-gimtosios-kalbos-pamokose-mokomoji-medziaga\/\" >Mokini\u0173 k\u016brybi\u0161kumo ugdymo lietuvi\u0173 (gimtosios) kalbos pamokose mokomoji med\u017eiaga<\/a><\/h5><div class=\"separator small left \" ><\/div><p itemprop=\"description\" class=\"latest_post_two_excerpt\" >Mokini\u0173 k\u016brybi\u0161kumo ugdymo lietuvi\u0173 (gimtosios) kalbos pamokose mokomoji med\u017eiaga Pareng\u0117 \u0160iuolaikini\u0173 didaktik\u0173 centras, 2013 \u0160is leidinys parengtas \u012fgyvendinant projekt\u0105 \u201eK\u016brybi\u0161kumo ugdymas: tyrimai ir metodika\u201c (2011-2013 m.). Mokomoji med\u017eiaga yra skirta praktiniam mokini\u0173 k\u016brybini\u0173 geb\u0117jim\u0173 ugdymui(-si) per lietuvi\u0173 kalbos pamokas. Ji orientuota ne \u012f mokslo objekt\u0105,...<\/p><\/div><div class=\"latest_post_two_info\" ><div class=\"latest_post_two_info_inner\" ><div class=\"post_info_author\"><img alt='Author Image' src='https:\/\/secure.gravatar.com\/avatar\/e23a49f177f4add18245577349dad2cd766fcc361465c5680984edb48ad90d62?s=30&#038;d=mm&#038;r=g' srcset='https:\/\/secure.gravatar.com\/avatar\/e23a49f177f4add18245577349dad2cd766fcc361465c5680984edb48ad90d62?s=60&#038;d=mm&#038;r=g 2x' class='avatar avatar-30 photo' height='30' width='30' \/><span class=\"post_info_author_name\">\u0160iuolaikini\u0173 didaktik\u0173 centras<\/span><\/div><div itemprop=\"dateCreated\" class=\"post_info_date entry_date updated\">23 January, 2018<meta itemprop=\"interactionCount\" content=\"UserComments: <?php echo get_comments_number(qode_get_page_id()); ?>\"\/><\/div><\/div><\/div><\/div><\/li><li class=\"clearfix\"><div class=\"latest_post_two_image\"><a itemprop=\"url\" href=\"https:\/\/sdcentras.lt\/en\/kritinio-mastymo-ugdymo-vadovas-neformaliojo-ugdymo-specialistams-klasiu-aukletojams\/\"><\/a><\/div><div class=\"latest_post_two_inner\" ><div class=\"latest_post_two_text\"><h5 itemprop=\"name\" class=\"latest_post_two_title entry_title\"><a itemprop=\"url\" href=\"https:\/\/sdcentras.lt\/en\/kritinio-mastymo-ugdymo-vadovas-neformaliojo-ugdymo-specialistams-klasiu-aukletojams\/\" >Kritinio m\u0105stymo ugdymo vadovas neformaliojo ugdymo specialistams, klasi\u0173 aukl\u0117tojams<\/a><\/h5><div class=\"separator small left \" ><\/div><p itemprop=\"description\" class=\"latest_post_two_excerpt\" >Kritinio m\u0105stymo ugdymo vadovas neformaliojo ugdymo specialistams, klasi\u0173 aukl\u0117tojams Pareng\u0117 \u0160iuolaikini\u0173 didaktik\u0173 centras, 2014 \u0160is leidinys parengtas \u012fgyvendinant projekt\u0105 \u201eKritinio m\u0105stymo kompetencij\u0173 pl\u0117tojimas neformalaus ugdymo veiklose\u201c (2013-2015 m.). Vadovas skirtas neformaliojo ugdymo specialistams, u\u017eklasin\u0117s veiklos organizatoriams, klasi\u0173 aukl\u0117tojams, siekiantiems prisid\u0117ti prie Neformaliojo vaik\u0173 \u0161vietimo koncepcijos...<\/p><\/div><div class=\"latest_post_two_info\" ><div class=\"latest_post_two_info_inner\" ><div class=\"post_info_author\"><img alt='Author Image' src='https:\/\/secure.gravatar.com\/avatar\/e23a49f177f4add18245577349dad2cd766fcc361465c5680984edb48ad90d62?s=30&#038;d=mm&#038;r=g' srcset='https:\/\/secure.gravatar.com\/avatar\/e23a49f177f4add18245577349dad2cd766fcc361465c5680984edb48ad90d62?s=60&#038;d=mm&#038;r=g 2x' class='avatar avatar-30 photo' height='30' width='30' \/><span class=\"post_info_author_name\">\u0160iuolaikini\u0173 didaktik\u0173 centras<\/span><\/div><div itemprop=\"dateCreated\" class=\"post_info_date entry_date updated\">23 January, 2018<meta itemprop=\"interactionCount\" content=\"UserComments: <?php echo get_comments_number(qode_get_page_id()); ?>\"\/><\/div><\/div><\/div><\/div><\/li><li class=\"clearfix\"><div class=\"latest_post_two_image\"><a itemprop=\"url\" href=\"https:\/\/sdcentras.lt\/en\/reach-promotion-of-innovative-services-and-better-access-in-continuous-education-findings-about-adults-motivation-to-learn-in-iceland-finland-and-lithuania\/\"><\/a><\/div><div class=\"latest_post_two_inner\" ><div class=\"latest_post_two_text\"><h5 itemprop=\"name\" class=\"latest_post_two_title entry_title\"><a itemprop=\"url\" href=\"https:\/\/sdcentras.lt\/en\/reach-promotion-of-innovative-services-and-better-access-in-continuous-education-findings-about-adults-motivation-to-learn-in-iceland-finland-and-lithuania\/\" >REACH: Promotion of innovative services and better access in continuous education. Findings about adults motivation to learn in Iceland, Finland and Lithuania<\/a><\/h5><div class=\"separator small left \" ><\/div><p itemprop=\"description\" class=\"latest_post_two_excerpt\" >REACH: Promotion of innovative services and better access in continuous education. Findings about adults motivation to learn in Iceland, Finland and Lithuania Prepared by REACH project team, 2012 This publication was developed under the Nordplus Adult program project REACH &#8211; Promotion of Innovative Services and...<\/p><\/div><div class=\"latest_post_two_info\" ><div class=\"latest_post_two_info_inner\" ><div class=\"post_info_author\"><img alt='Author Image' src='https:\/\/secure.gravatar.com\/avatar\/e23a49f177f4add18245577349dad2cd766fcc361465c5680984edb48ad90d62?s=30&#038;d=mm&#038;r=g' srcset='https:\/\/secure.gravatar.com\/avatar\/e23a49f177f4add18245577349dad2cd766fcc361465c5680984edb48ad90d62?s=60&#038;d=mm&#038;r=g 2x' class='avatar avatar-30 photo' height='30' width='30' \/><span class=\"post_info_author_name\">\u0160iuolaikini\u0173 didaktik\u0173 centras<\/span><\/div><div itemprop=\"dateCreated\" class=\"post_info_date entry_date updated\">23 January, 2018<meta itemprop=\"interactionCount\" content=\"UserComments: <?php echo get_comments_number(qode_get_page_id()); ?>\"\/><\/div><\/div><\/div><\/div><\/li><li class=\"clearfix\"><div class=\"latest_post_two_image\"><a itemprop=\"url\" href=\"https:\/\/sdcentras.lt\/en\/datause-using-data-for-improving-school-and-student-performance-introduction\/\"><\/a><\/div><div class=\"latest_post_two_inner\" ><div class=\"latest_post_two_text\"><h5 itemprop=\"name\" class=\"latest_post_two_title entry_title\"><a itemprop=\"url\" href=\"https:\/\/sdcentras.lt\/en\/datause-using-data-for-improving-school-and-student-performance-introduction\/\" >DATAUSE \u2013 Using Data for Improving School and Student Performance. Introduction<\/a><\/h5><div class=\"separator small left \" ><\/div><p itemprop=\"description\" class=\"latest_post_two_excerpt\" >DATAUSE \u2013 Using Data for Improving School and Student Performance. Introduction Prepared by DATAUSE project team Translated into Lithuanian by Modern Didactics Centre, 2011 This publication was developed under the EU Comenius project DATAUSE \u2013 Using Data for Improving School and Student Performance (2010-2012), aimed...<\/p><\/div><div class=\"latest_post_two_info\" ><div class=\"latest_post_two_info_inner\" ><div class=\"post_info_author\"><img alt='Author Image' src='https:\/\/secure.gravatar.com\/avatar\/e23a49f177f4add18245577349dad2cd766fcc361465c5680984edb48ad90d62?s=30&#038;d=mm&#038;r=g' srcset='https:\/\/secure.gravatar.com\/avatar\/e23a49f177f4add18245577349dad2cd766fcc361465c5680984edb48ad90d62?s=60&#038;d=mm&#038;r=g 2x' class='avatar avatar-30 photo' height='30' width='30' \/><span class=\"post_info_author_name\">\u0160iuolaikini\u0173 didaktik\u0173 centras<\/span><\/div><div itemprop=\"dateCreated\" class=\"post_info_date entry_date updated\">23 January, 2018<meta itemprop=\"interactionCount\" content=\"UserComments: <?php echo get_comments_number(qode_get_page_id()); ?>\"\/><\/div><\/div><\/div><\/div><\/li><li class=\"clearfix\"><div class=\"latest_post_two_image\"><a itemprop=\"url\" href=\"https:\/\/sdcentras.lt\/en\/ds-guide-training-manual-on-eu-enlargement-how-to-use-the-tools-guide-for-authors-and-trainers-in-how-to-use-the-ds-on-european-enlargement-topics\/\"><\/a><\/div><div class=\"latest_post_two_inner\" ><div class=\"latest_post_two_text\"><h5 itemprop=\"name\" class=\"latest_post_two_title entry_title\"><a itemprop=\"url\" href=\"https:\/\/sdcentras.lt\/en\/ds-guide-training-manual-on-eu-enlargement-how-to-use-the-tools-guide-for-authors-and-trainers-in-how-to-use-the-ds-on-european-enlargement-topics\/\" >DS Guide training manual on EU-enlargement. \u201cHow to use the tools\u201d \u2013 Guide for authors and trainers in how to use the DS on European enlargement topics<\/a><\/h5><div class=\"separator small left \" ><\/div><p itemprop=\"description\" class=\"latest_post_two_excerpt\" >DS Guide training manual on EU-enlargement. \u201cHow to use the tools\u201d \u2013 Guide for authors and trainers in how to use the DS on European enlargement topics Prepared by DeTales project team Translated into Lithuanian by Modern Didactics Centre, 2011 This guidebook has been developed...<\/p><\/div><div class=\"latest_post_two_info\" ><div class=\"latest_post_two_info_inner\" ><div class=\"post_info_author\"><img alt='Author Image' src='https:\/\/secure.gravatar.com\/avatar\/e23a49f177f4add18245577349dad2cd766fcc361465c5680984edb48ad90d62?s=30&#038;d=mm&#038;r=g' srcset='https:\/\/secure.gravatar.com\/avatar\/e23a49f177f4add18245577349dad2cd766fcc361465c5680984edb48ad90d62?s=60&#038;d=mm&#038;r=g 2x' class='avatar avatar-30 photo' height='30' width='30' \/><span class=\"post_info_author_name\">\u0160iuolaikini\u0173 didaktik\u0173 centras<\/span><\/div><div itemprop=\"dateCreated\" class=\"post_info_date entry_date updated\">23 January, 2018<meta itemprop=\"interactionCount\" content=\"UserComments: <?php echo get_comments_number(qode_get_page_id()); ?>\"\/><\/div><\/div><\/div><\/div><\/li><li class=\"clearfix\"><div class=\"latest_post_two_image\"><a itemprop=\"url\" href=\"https:\/\/sdcentras.lt\/en\/innovative-ways-for-motivating-adults-for-learning\/\"><\/a><\/div><div class=\"latest_post_two_inner\" ><div class=\"latest_post_two_text\"><h5 itemprop=\"name\" class=\"latest_post_two_title entry_title\"><a itemprop=\"url\" href=\"https:\/\/sdcentras.lt\/en\/innovative-ways-for-motivating-adults-for-learning\/\" >Innovative ways for motivating adults for learning<\/a><\/h5><div class=\"separator small left \" ><\/div><p itemprop=\"description\" class=\"latest_post_two_excerpt\" >Innovative ways for motivating adults for learning Published by RWCT International Consortium Translated into Lithuanian by Modern Didactics Centre, 2011 This guidebook has been developed as a part of the EU-funded project CreMoLe \/ Create \u2013 Motivate \u2013 Learn (2009-2011) with the aim of disseminating...<\/p><\/div><div class=\"latest_post_two_info\" ><div class=\"latest_post_two_info_inner\" ><div class=\"post_info_author\"><img alt='Author Image' src='https:\/\/secure.gravatar.com\/avatar\/e23a49f177f4add18245577349dad2cd766fcc361465c5680984edb48ad90d62?s=30&#038;d=mm&#038;r=g' srcset='https:\/\/secure.gravatar.com\/avatar\/e23a49f177f4add18245577349dad2cd766fcc361465c5680984edb48ad90d62?s=60&#038;d=mm&#038;r=g 2x' class='avatar avatar-30 photo' height='30' width='30' \/><span class=\"post_info_author_name\">\u0160iuolaikini\u0173 didaktik\u0173 centras<\/span><\/div><div itemprop=\"dateCreated\" class=\"post_info_date entry_date updated\">23 January, 2018<meta itemprop=\"interactionCount\" content=\"UserComments: <?php echo get_comments_number(qode_get_page_id()); ?>\"\/><\/div><\/div><\/div><\/div><\/li><li class=\"clearfix\"><div class=\"latest_post_two_image\"><a itemprop=\"url\" href=\"https:\/\/sdcentras.lt\/en\/motivating-adult-learners-participation-and-persistence-in-lifelong-learning-processes-training-methodologies-and-learning-techniques-in-adult-education-a-collection-of-best-practi\/\"><\/a><\/div><div class=\"latest_post_two_inner\" ><div class=\"latest_post_two_text\"><h5 itemprop=\"name\" class=\"latest_post_two_title entry_title\"><a itemprop=\"url\" href=\"https:\/\/sdcentras.lt\/en\/motivating-adult-learners-participation-and-persistence-in-lifelong-learning-processes-training-methodologies-and-learning-techniques-in-adult-education-a-collection-of-best-practi\/\" >Motivating adult learners\u2019 participation and persistence in lifelong learning processes. Training methodologies and learning techniques in adult education \u2013 a collection of best practices<\/a><\/h5><div class=\"separator small left \" ><\/div><p itemprop=\"description\" class=\"latest_post_two_excerpt\" >Motivating adult learners\u2019 participation and persistence in lifelong learning processes. Training methodologies and learning techniques in adult education \u2013 a collection of best practices Published by RWCT International Consortium Translated into Lithuanian by Modern Didactics Centre, 2011 Motivating adult learners\u2019 participation and persistence in lifelong...<\/p><\/div><div class=\"latest_post_two_info\" ><div class=\"latest_post_two_info_inner\" ><div class=\"post_info_author\"><img alt='Author Image' src='https:\/\/secure.gravatar.com\/avatar\/e23a49f177f4add18245577349dad2cd766fcc361465c5680984edb48ad90d62?s=30&#038;d=mm&#038;r=g' srcset='https:\/\/secure.gravatar.com\/avatar\/e23a49f177f4add18245577349dad2cd766fcc361465c5680984edb48ad90d62?s=60&#038;d=mm&#038;r=g 2x' class='avatar avatar-30 photo' height='30' width='30' \/><span class=\"post_info_author_name\">\u0160iuolaikini\u0173 didaktik\u0173 centras<\/span><\/div><div itemprop=\"dateCreated\" class=\"post_info_date entry_date updated\">23 January, 2018<meta itemprop=\"interactionCount\" content=\"UserComments: <?php echo get_comments_number(qode_get_page_id()); ?>\"\/><\/div><\/div><\/div><\/div><\/li><li class=\"clearfix\"><div class=\"latest_post_two_image\"><a itemprop=\"url\" href=\"https:\/\/sdcentras.lt\/en\/nordic-senior-golden-examples-findings-about-senior-learning-from-finland-iceland-lithuania-and-norway\/\"><\/a><\/div><div class=\"latest_post_two_inner\" ><div class=\"latest_post_two_text\"><h5 itemprop=\"name\" class=\"latest_post_two_title entry_title\"><a itemprop=\"url\" href=\"https:\/\/sdcentras.lt\/en\/nordic-senior-golden-examples-findings-about-senior-learning-from-finland-iceland-lithuania-and-norway\/\" >NORDIC+ Senior golden examples. Findings about senior learning from Finland, Iceland, Lithuania and Norway<\/a><\/h5><div class=\"separator small left \" ><\/div><p itemprop=\"description\" class=\"latest_post_two_excerpt\" >NORDIC+ Senior golden examples. Findings about senior learning from Finland, Iceland, Lithuania and Norway Composed by Pirkanmaa Westcome, Adult Education Unit, Finland Translated into Lithuanian by Modern Didactics Centre, 2010 The manual is developed under the project Nordic+ Senior golden examples (2008-2010). The publication presents...<\/p><\/div><div class=\"latest_post_two_info\" ><div class=\"latest_post_two_info_inner\" ><div class=\"post_info_author\"><img alt='Author Image' src='https:\/\/secure.gravatar.com\/avatar\/e23a49f177f4add18245577349dad2cd766fcc361465c5680984edb48ad90d62?s=30&#038;d=mm&#038;r=g' srcset='https:\/\/secure.gravatar.com\/avatar\/e23a49f177f4add18245577349dad2cd766fcc361465c5680984edb48ad90d62?s=60&#038;d=mm&#038;r=g 2x' class='avatar avatar-30 photo' height='30' width='30' \/><span class=\"post_info_author_name\">\u0160iuolaikini\u0173 didaktik\u0173 centras<\/span><\/div><div itemprop=\"dateCreated\" class=\"post_info_date entry_date updated\">23 January, 2018<meta itemprop=\"interactionCount\" content=\"UserComments: <?php echo get_comments_number(qode_get_page_id()); ?>\"\/><\/div><\/div><\/div><\/div><\/li><li class=\"clearfix\"><div class=\"latest_post_two_image\"><a itemprop=\"url\" href=\"https:\/\/sdcentras.lt\/en\/open-local-government-calendar-for-2009\/\"><\/a><\/div><div class=\"latest_post_two_inner\" ><div class=\"latest_post_two_text\"><h5 itemprop=\"name\" class=\"latest_post_two_title entry_title\"><a itemprop=\"url\" href=\"https:\/\/sdcentras.lt\/en\/open-local-government-calendar-for-2009\/\" >Open local government: calendar for 2009.<\/a><\/h5><div class=\"separator small left \" ><\/div><p itemprop=\"description\" class=\"latest_post_two_excerpt\" >Open local government: calendar for 2009. Vilnius: Modern Didactics Center, 2008. Calendar presents in short the project &#8220;Open local government&#8221; and principles of the clear local government. Photos of students, winners of local contest for the best social advertisement, are used for the calendar.<\/p><\/div><div class=\"latest_post_two_info\" ><div class=\"latest_post_two_info_inner\" ><div class=\"post_info_author\"><img alt='Author Image' src='https:\/\/secure.gravatar.com\/avatar\/e23a49f177f4add18245577349dad2cd766fcc361465c5680984edb48ad90d62?s=30&#038;d=mm&#038;r=g' srcset='https:\/\/secure.gravatar.com\/avatar\/e23a49f177f4add18245577349dad2cd766fcc361465c5680984edb48ad90d62?s=60&#038;d=mm&#038;r=g 2x' class='avatar avatar-30 photo' height='30' width='30' \/><span class=\"post_info_author_name\">\u0160iuolaikini\u0173 didaktik\u0173 centras<\/span><\/div><div itemprop=\"dateCreated\" class=\"post_info_date entry_date updated\">23 January, 2018<meta itemprop=\"interactionCount\" content=\"UserComments: <?php echo get_comments_number(qode_get_page_id()); ?>\"\/><\/div><\/div><\/div><\/div><\/li><li class=\"clearfix\"><div class=\"latest_post_two_image\"><a itemprop=\"url\" href=\"https:\/\/sdcentras.lt\/en\/tarptautine-konferencija-gimtosios-kalbos-politika-mokykla-visuomene-valstybe-programa-pranesimai\/\"><\/a><\/div><div class=\"latest_post_two_inner\" ><div class=\"latest_post_two_text\"><h5 itemprop=\"name\" class=\"latest_post_two_title entry_title\"><a itemprop=\"url\" href=\"https:\/\/sdcentras.lt\/en\/tarptautine-konferencija-gimtosios-kalbos-politika-mokykla-visuomene-valstybe-programa-pranesimai\/\" >International conference &#8220;Native language policy: school, society and state&#8221;: programme, speeches<\/a><\/h5><div class=\"separator small left \" ><\/div><p itemprop=\"description\" class=\"latest_post_two_excerpt\" >International conference &#8220;Native language policy: school, society and state&#8221;: programme, speeches. &#8211; Vilnius: MDC, 2008 Vilnius: Modern Didactics Center, 2008 The conference took place in Vilnius, on September 19\u201420, 2008. Speakers from Lithuania, Latvia, Estonia, Germany, England, Holland analysed the impact of globalisation to native...<\/p><\/div><div class=\"latest_post_two_info\" ><div class=\"latest_post_two_info_inner\" ><div class=\"post_info_author\"><img alt='Author Image' src='https:\/\/secure.gravatar.com\/avatar\/e23a49f177f4add18245577349dad2cd766fcc361465c5680984edb48ad90d62?s=30&#038;d=mm&#038;r=g' srcset='https:\/\/secure.gravatar.com\/avatar\/e23a49f177f4add18245577349dad2cd766fcc361465c5680984edb48ad90d62?s=60&#038;d=mm&#038;r=g 2x' class='avatar avatar-30 photo' height='30' width='30' \/><span class=\"post_info_author_name\">\u0160iuolaikini\u0173 didaktik\u0173 centras<\/span><\/div><div itemprop=\"dateCreated\" class=\"post_info_date entry_date updated\">23 January, 2018<meta itemprop=\"interactionCount\" content=\"UserComments: <?php echo get_comments_number(qode_get_page_id()); ?>\"\/><\/div><\/div><\/div><\/div><\/li><li class=\"clearfix\"><div class=\"latest_post_two_image\"><a itemprop=\"url\" href=\"https:\/\/sdcentras.lt\/en\/effective-reading-strategies-reading-workshop\/\"><\/a><\/div><div class=\"latest_post_two_inner\" ><div class=\"latest_post_two_text\"><h5 itemprop=\"name\" class=\"latest_post_two_title entry_title\"><a itemprop=\"url\" href=\"https:\/\/sdcentras.lt\/en\/effective-reading-strategies-reading-workshop\/\" >Effective reading strategies: reading workshop.<\/a><\/h5><div class=\"separator small left \" ><\/div><p itemprop=\"description\" class=\"latest_post_two_excerpt\" >Asta Navickaite, Danguole Dauksiene, Raimonda Jariene Effective reading strategies: reading workshop. &#8211; V.: MDC, 2008. +DVD Vilnius: Modern Didactics Center, 2008. This publication devoted to different subject teachers, form masters, seeking to present reading promotion strategy &#8211; reading workshop, that help to develop motivated and...<\/p><\/div><div class=\"latest_post_two_info\" ><div class=\"latest_post_two_info_inner\" ><div class=\"post_info_author\"><img alt='Author Image' src='https:\/\/secure.gravatar.com\/avatar\/e23a49f177f4add18245577349dad2cd766fcc361465c5680984edb48ad90d62?s=30&#038;d=mm&#038;r=g' srcset='https:\/\/secure.gravatar.com\/avatar\/e23a49f177f4add18245577349dad2cd766fcc361465c5680984edb48ad90d62?s=60&#038;d=mm&#038;r=g 2x' class='avatar avatar-30 photo' height='30' width='30' \/><span class=\"post_info_author_name\">\u0160iuolaikini\u0173 didaktik\u0173 centras<\/span><\/div><div itemprop=\"dateCreated\" class=\"post_info_date entry_date updated\">23 January, 2018<meta itemprop=\"interactionCount\" content=\"UserComments: <?php echo get_comments_number(qode_get_page_id()); ?>\"\/><\/div><\/div><\/div><\/div><\/li><li class=\"clearfix\"><div class=\"latest_post_two_image\"><a itemprop=\"url\" href=\"https:\/\/sdcentras.lt\/en\/youth-for-transparency\/\"><\/a><\/div><div class=\"latest_post_two_inner\" ><div class=\"latest_post_two_text\"><h5 itemprop=\"name\" class=\"latest_post_two_title entry_title\"><a itemprop=\"url\" href=\"https:\/\/sdcentras.lt\/en\/youth-for-transparency\/\" >Youth for Transparency<\/a><\/h5><div class=\"separator small left \" ><\/div><p itemprop=\"description\" class=\"latest_post_two_excerpt\" >Youth for Transparency Warsaw: Orthdruk sp. Z o.o., 2007 This publication serves as methodical guidelines for school or local community, youth organisations that are going to initiate common projects with local authority, state institutions, NGOs or other local institutions. Publication is based on project Youth...<\/p><\/div><div class=\"latest_post_two_info\" ><div class=\"latest_post_two_info_inner\" ><div class=\"post_info_author\"><img alt='Author Image' src='https:\/\/secure.gravatar.com\/avatar\/e23a49f177f4add18245577349dad2cd766fcc361465c5680984edb48ad90d62?s=30&#038;d=mm&#038;r=g' srcset='https:\/\/secure.gravatar.com\/avatar\/e23a49f177f4add18245577349dad2cd766fcc361465c5680984edb48ad90d62?s=60&#038;d=mm&#038;r=g 2x' class='avatar avatar-30 photo' height='30' width='30' \/><span class=\"post_info_author_name\">\u0160iuolaikini\u0173 didaktik\u0173 centras<\/span><\/div><div itemprop=\"dateCreated\" class=\"post_info_date entry_date updated\">23 January, 2018<meta itemprop=\"interactionCount\" content=\"UserComments: <?php echo get_comments_number(qode_get_page_id()); ?>\"\/><\/div><\/div><\/div><\/div><\/li><li class=\"clearfix\"><div class=\"latest_post_two_image\"><a itemprop=\"url\" href=\"https:\/\/sdcentras.lt\/en\/youth-for-transparency-or-7-steps-towards-effective-communication\/\"><\/a><\/div><div class=\"latest_post_two_inner\" ><div class=\"latest_post_two_text\"><h5 itemprop=\"name\" class=\"latest_post_two_title entry_title\"><a itemprop=\"url\" href=\"https:\/\/sdcentras.lt\/en\/youth-for-transparency-or-7-steps-towards-effective-communication\/\" >Youth for Transparency or 7 Steps towards Effective Communication<\/a><\/h5><div class=\"separator small left \" ><\/div><p itemprop=\"description\" class=\"latest_post_two_excerpt\" >Youth for Transparency or 7 Steps towards Effective Communication Vilnius: Modern Didactics Center, 2008 This publication serves as methodical guidelines for school or local community, youth organisations that are going to initiate common projects with local authority, state institutions, NGOs or other local institutions. Publication...<\/p><\/div><div class=\"latest_post_two_info\" ><div class=\"latest_post_two_info_inner\" ><div class=\"post_info_author\"><img alt='Author Image' src='https:\/\/secure.gravatar.com\/avatar\/e23a49f177f4add18245577349dad2cd766fcc361465c5680984edb48ad90d62?s=30&#038;d=mm&#038;r=g' srcset='https:\/\/secure.gravatar.com\/avatar\/e23a49f177f4add18245577349dad2cd766fcc361465c5680984edb48ad90d62?s=60&#038;d=mm&#038;r=g 2x' class='avatar avatar-30 photo' height='30' width='30' \/><span class=\"post_info_author_name\">\u0160iuolaikini\u0173 didaktik\u0173 centras<\/span><\/div><div itemprop=\"dateCreated\" class=\"post_info_date entry_date updated\">23 January, 2018<meta itemprop=\"interactionCount\" content=\"UserComments: <?php echo get_comments_number(qode_get_page_id()); ?>\"\/><\/div><\/div><\/div><\/div><\/li><li class=\"clearfix\"><div class=\"latest_post_two_image\"><a itemprop=\"url\" href=\"https:\/\/sdcentras.lt\/en\/critical-thinking-for-career-education-integrated-programme-and-guidebook\/\"><\/a><\/div><div class=\"latest_post_two_inner\" ><div class=\"latest_post_two_text\"><h5 itemprop=\"name\" class=\"latest_post_two_title entry_title\"><a itemprop=\"url\" href=\"https:\/\/sdcentras.lt\/en\/critical-thinking-for-career-education-integrated-programme-and-guidebook\/\" >Critical Thinking for Career Education : Integrated Programme and Guidebook<\/a><\/h5><div class=\"separator small left \" ><\/div><p itemprop=\"description\" class=\"latest_post_two_excerpt\" >Critical Thinking for Career Education : Integrated Programme and Guidebook Vilnius : Centre for Educational Supplies of The Ministry of Education And Science, 2006 Publication is developed under the project MIND \/ Development of Critical Thinking for Successful Future Career in EU. The goal of...<\/p><\/div><div class=\"latest_post_two_info\" ><div class=\"latest_post_two_info_inner\" ><div class=\"post_info_author\"><img alt='Author Image' src='https:\/\/secure.gravatar.com\/avatar\/e23a49f177f4add18245577349dad2cd766fcc361465c5680984edb48ad90d62?s=30&#038;d=mm&#038;r=g' srcset='https:\/\/secure.gravatar.com\/avatar\/e23a49f177f4add18245577349dad2cd766fcc361465c5680984edb48ad90d62?s=60&#038;d=mm&#038;r=g 2x' class='avatar avatar-30 photo' height='30' width='30' \/><span class=\"post_info_author_name\">\u0160iuolaikini\u0173 didaktik\u0173 centras<\/span><\/div><div itemprop=\"dateCreated\" class=\"post_info_date entry_date updated\">24 January, 2018<meta itemprop=\"interactionCount\" content=\"UserComments: <?php echo get_comments_number(qode_get_page_id()); ?>\"\/><\/div><\/div><\/div><\/div><\/li><li class=\"clearfix\"><div class=\"latest_post_two_image\"><a itemprop=\"url\" href=\"https:\/\/sdcentras.lt\/en\/critical-thinking-for-career-education-specialized-programme-and-guidebook\/\"><\/a><\/div><div class=\"latest_post_two_inner\" ><div class=\"latest_post_two_text\"><h5 itemprop=\"name\" class=\"latest_post_two_title entry_title\"><a itemprop=\"url\" href=\"https:\/\/sdcentras.lt\/en\/critical-thinking-for-career-education-specialized-programme-and-guidebook\/\" >Critical Thinking for Career Education : Specialized Programme and Guidebook<\/a><\/h5><div class=\"separator small left \" ><\/div><p itemprop=\"description\" class=\"latest_post_two_excerpt\" >Critical Thinking for Career Education : Specialized Programme and Guidebook Vilnius : Centre for Educational Supplies of The Ministry of Education And Science, 2006 The programme assists teachers in introducing career development to students aged 11-16 years old (5-10 forms). The curriculum is designed to...<\/p><\/div><div class=\"latest_post_two_info\" ><div class=\"latest_post_two_info_inner\" ><div class=\"post_info_author\"><img alt='Author Image' src='https:\/\/secure.gravatar.com\/avatar\/e23a49f177f4add18245577349dad2cd766fcc361465c5680984edb48ad90d62?s=30&#038;d=mm&#038;r=g' srcset='https:\/\/secure.gravatar.com\/avatar\/e23a49f177f4add18245577349dad2cd766fcc361465c5680984edb48ad90d62?s=60&#038;d=mm&#038;r=g 2x' class='avatar avatar-30 photo' height='30' width='30' \/><span class=\"post_info_author_name\">\u0160iuolaikini\u0173 didaktik\u0173 centras<\/span><\/div><div itemprop=\"dateCreated\" class=\"post_info_date entry_date updated\">24 January, 2018<meta itemprop=\"interactionCount\" content=\"UserComments: <?php echo get_comments_number(qode_get_page_id()); ?>\"\/><\/div><\/div><\/div><\/div><\/li><li class=\"clearfix\"><div class=\"latest_post_two_image\"><a itemprop=\"url\" href=\"https:\/\/sdcentras.lt\/en\/critical-thinking-for-successful-future-career-practical-approach-training-programme-training-manual\/\"><\/a><\/div><div class=\"latest_post_two_inner\" ><div class=\"latest_post_two_text\"><h5 itemprop=\"name\" class=\"latest_post_two_title entry_title\"><a itemprop=\"url\" href=\"https:\/\/sdcentras.lt\/en\/critical-thinking-for-successful-future-career-practical-approach-training-programme-training-manual\/\" >Critical Thinking for Successful Future Career. Practical Approach : Training Programme. Training Manual<\/a><\/h5><div class=\"separator small left \" ><\/div><p itemprop=\"description\" class=\"latest_post_two_excerpt\" >Critical Thinking for Successful Future Career. Practical Approach : Training Programme. Training Manual. Vilnius: Modern Didactics Center, 2005 Publication is developed under the project MIND \/ Development of Critical Thinking for Successful Future Career in EU: Practical Approach. Teacher&#8217;s Training Manual is a guide that...<\/p><\/div><div class=\"latest_post_two_info\" ><div class=\"latest_post_two_info_inner\" ><div class=\"post_info_author\"><img alt='Author Image' src='https:\/\/secure.gravatar.com\/avatar\/e23a49f177f4add18245577349dad2cd766fcc361465c5680984edb48ad90d62?s=30&#038;d=mm&#038;r=g' srcset='https:\/\/secure.gravatar.com\/avatar\/e23a49f177f4add18245577349dad2cd766fcc361465c5680984edb48ad90d62?s=60&#038;d=mm&#038;r=g 2x' class='avatar avatar-30 photo' height='30' width='30' \/><span class=\"post_info_author_name\">\u0160iuolaikini\u0173 didaktik\u0173 centras<\/span><\/div><div itemprop=\"dateCreated\" class=\"post_info_date entry_date updated\">24 January, 2018<meta itemprop=\"interactionCount\" content=\"UserComments: <?php echo get_comments_number(qode_get_page_id()); ?>\"\/><\/div><\/div><\/div><\/div><\/li><li class=\"clearfix\"><div class=\"latest_post_two_image\"><a itemprop=\"url\" href=\"https:\/\/sdcentras.lt\/en\/anti-corruption-education-at-school-methodical-material-for-general-and-higher-education-schools\/\"><\/a><\/div><div class=\"latest_post_two_inner\" ><div class=\"latest_post_two_text\"><h5 itemprop=\"name\" class=\"latest_post_two_title entry_title\"><a itemprop=\"url\" href=\"https:\/\/sdcentras.lt\/en\/anti-corruption-education-at-school-methodical-material-for-general-and-higher-education-schools\/\" >Anti-Corruption Education at School : Methodical Material for General and Higher Education Schools<\/a><\/h5><div class=\"separator small left \" ><\/div><p itemprop=\"description\" class=\"latest_post_two_excerpt\" >Anti-Corruption Education at School : Methodical Material for General and Higher Education Schools. Vilnius : Garnelis, 2006 The publication demonstrates possibilities of anti-corruption education integration into teaching subjects and extra-curricular activities of general school and possibilities of anti-corruption education at social sciences curriculum of higher...<\/p><\/div><div class=\"latest_post_two_info\" ><div class=\"latest_post_two_info_inner\" ><div class=\"post_info_author\"><img alt='Author Image' src='https:\/\/secure.gravatar.com\/avatar\/e23a49f177f4add18245577349dad2cd766fcc361465c5680984edb48ad90d62?s=30&#038;d=mm&#038;r=g' srcset='https:\/\/secure.gravatar.com\/avatar\/e23a49f177f4add18245577349dad2cd766fcc361465c5680984edb48ad90d62?s=60&#038;d=mm&#038;r=g 2x' class='avatar avatar-30 photo' height='30' width='30' \/><span class=\"post_info_author_name\">\u0160iuolaikini\u0173 didaktik\u0173 centras<\/span><\/div><div itemprop=\"dateCreated\" class=\"post_info_date entry_date updated\">24 January, 2018<meta itemprop=\"interactionCount\" content=\"UserComments: <?php echo get_comments_number(qode_get_page_id()); ?>\"\/><\/div><\/div><\/div><\/div><\/li><li class=\"clearfix\"><div class=\"latest_post_two_image\"><a itemprop=\"url\" href=\"https:\/\/sdcentras.lt\/en\/possibilities-of-anti-corruption-education-at-a-school-of-general-education-methodical-material\/\"><\/a><\/div><div class=\"latest_post_two_inner\" ><div class=\"latest_post_two_text\"><h5 itemprop=\"name\" class=\"latest_post_two_title entry_title\"><a itemprop=\"url\" href=\"https:\/\/sdcentras.lt\/en\/possibilities-of-anti-corruption-education-at-a-school-of-general-education-methodical-material\/\" >Possibilities of Anti-corruption Education at a School of General Education : Methodical Material<\/a><\/h5><div class=\"separator small left \" ><\/div><p itemprop=\"description\" class=\"latest_post_two_excerpt\" >Possibilities of Anti-corruption Education at a School of General Education : Methodical Material Vilnius: Centre for Educational Supplies of The Ministry of Education And Science, 2005 The publication is developed under the project Education against Corruption. This publication demonstrates possibilities of anti-corruption education integration into...<\/p><\/div><div class=\"latest_post_two_info\" ><div class=\"latest_post_two_info_inner\" ><div class=\"post_info_author\"><img alt='Author Image' src='https:\/\/secure.gravatar.com\/avatar\/e23a49f177f4add18245577349dad2cd766fcc361465c5680984edb48ad90d62?s=30&#038;d=mm&#038;r=g' srcset='https:\/\/secure.gravatar.com\/avatar\/e23a49f177f4add18245577349dad2cd766fcc361465c5680984edb48ad90d62?s=60&#038;d=mm&#038;r=g 2x' class='avatar avatar-30 photo' height='30' width='30' \/><span class=\"post_info_author_name\">\u0160iuolaikini\u0173 didaktik\u0173 centras<\/span><\/div><div itemprop=\"dateCreated\" class=\"post_info_date entry_date updated\">24 January, 2018<meta itemprop=\"interactionCount\" content=\"UserComments: <?php echo get_comments_number(qode_get_page_id()); ?>\"\/><\/div><\/div><\/div><\/div><\/li><li class=\"clearfix\"><div class=\"latest_post_two_image\"><a itemprop=\"url\" href=\"https:\/\/sdcentras.lt\/en\/corruption-at-higher-schools-views-problems-ways-of-solution\/\"><\/a><\/div><div class=\"latest_post_two_inner\" ><div class=\"latest_post_two_text\"><h5 itemprop=\"name\" class=\"latest_post_two_title entry_title\"><a itemprop=\"url\" href=\"https:\/\/sdcentras.lt\/en\/corruption-at-higher-schools-views-problems-ways-of-solution\/\" >Corruption at Higher Schools : Views, Problems, Ways of Solution<\/a><\/h5><div class=\"separator small left \" ><\/div><p itemprop=\"description\" class=\"latest_post_two_excerpt\" >Corruption at Higher Schools : Views, Problems, Ways of Solution Vilnius: Garnelis, 2005 This is a methodical publication for higher education lecturers and students. It presents programmes of integrated and optional courses, extended plans of lectures. It demonstrates possibilities of anti- corruption education at social...<\/p><\/div><div class=\"latest_post_two_info\" ><div class=\"latest_post_two_info_inner\" ><div class=\"post_info_author\"><img alt='Author Image' src='https:\/\/secure.gravatar.com\/avatar\/e23a49f177f4add18245577349dad2cd766fcc361465c5680984edb48ad90d62?s=30&#038;d=mm&#038;r=g' srcset='https:\/\/secure.gravatar.com\/avatar\/e23a49f177f4add18245577349dad2cd766fcc361465c5680984edb48ad90d62?s=60&#038;d=mm&#038;r=g 2x' class='avatar avatar-30 photo' height='30' width='30' \/><span class=\"post_info_author_name\">\u0160iuolaikini\u0173 didaktik\u0173 centras<\/span><\/div><div itemprop=\"dateCreated\" class=\"post_info_date entry_date updated\">24 January, 2018<meta itemprop=\"interactionCount\" content=\"UserComments: <?php echo get_comments_number(qode_get_page_id()); ?>\"\/><\/div><\/div><\/div><\/div><\/li><li class=\"clearfix\"><div class=\"latest_post_two_image\"><a itemprop=\"url\" href=\"https:\/\/sdcentras.lt\/en\/methodical-recommendations-for-teachers-organizing-peer-and-cross-age-tutoring-activities\/\"><\/a><\/div><div class=\"latest_post_two_inner\" ><div class=\"latest_post_two_text\"><h5 itemprop=\"name\" class=\"latest_post_two_title entry_title\"><a itemprop=\"url\" href=\"https:\/\/sdcentras.lt\/en\/methodical-recommendations-for-teachers-organizing-peer-and-cross-age-tutoring-activities\/\" >Methodical Recommendations for Teachers Organizing Peer and Cross-age Tutoring Activities<\/a><\/h5><div class=\"separator small left \" ><\/div><p itemprop=\"description\" class=\"latest_post_two_excerpt\" >RAGUOTIENE Romualda, PETKUTE Erna Methodical Recommendations for Teachers Organizing Peer and Cross-age Tutoring Activities \u0160iuolaikini\u0173 didaktik\u0173 centras, 2005 Publication introduces a peer and cross-age tutoring model, elaborated during the project, that could be applied at other Lithuania schools. The methodical and practical guidelines of peer...<\/p><\/div><div class=\"latest_post_two_info\" ><div class=\"latest_post_two_info_inner\" ><div class=\"post_info_author\"><img alt='Author Image' src='https:\/\/secure.gravatar.com\/avatar\/e23a49f177f4add18245577349dad2cd766fcc361465c5680984edb48ad90d62?s=30&#038;d=mm&#038;r=g' srcset='https:\/\/secure.gravatar.com\/avatar\/e23a49f177f4add18245577349dad2cd766fcc361465c5680984edb48ad90d62?s=60&#038;d=mm&#038;r=g 2x' class='avatar avatar-30 photo' height='30' width='30' \/><span class=\"post_info_author_name\">\u0160iuolaikini\u0173 didaktik\u0173 centras<\/span><\/div><div itemprop=\"dateCreated\" class=\"post_info_date entry_date updated\">24 January, 2018<meta itemprop=\"interactionCount\" content=\"UserComments: <?php echo get_comments_number(qode_get_page_id()); ?>\"\/><\/div><\/div><\/div><\/div><\/li><li class=\"clearfix\"><div class=\"latest_post_two_image\"><a itemprop=\"url\" href=\"https:\/\/sdcentras.lt\/en\/vocational-integration-of-travelling-people-in-europe\/\"><\/a><\/div><div class=\"latest_post_two_inner\" ><div class=\"latest_post_two_text\"><h5 itemprop=\"name\" class=\"latest_post_two_title entry_title\"><a itemprop=\"url\" href=\"https:\/\/sdcentras.lt\/en\/vocational-integration-of-travelling-people-in-europe\/\" >Vocational Integration of Travelling People in Europe<\/a><\/h5><div class=\"separator small left \" ><\/div><p itemprop=\"description\" class=\"latest_post_two_excerpt\" >Vocational Integration of Travelling People in Europe Modern Didacrics Centre, 2007 This publication combines results of three years Grundtvig Learning Pertnership project &#8220;Vocational Integration of Travelling People in Europe&#8221; (2004-2007). Publication contains: 1. Survey about travelling peoples\u2019 specific needs regarding the organisation of educational and...<\/p><\/div><div class=\"latest_post_two_info\" ><div class=\"latest_post_two_info_inner\" ><div class=\"post_info_author\"><img alt='Author Image' src='https:\/\/secure.gravatar.com\/avatar\/e23a49f177f4add18245577349dad2cd766fcc361465c5680984edb48ad90d62?s=30&#038;d=mm&#038;r=g' srcset='https:\/\/secure.gravatar.com\/avatar\/e23a49f177f4add18245577349dad2cd766fcc361465c5680984edb48ad90d62?s=60&#038;d=mm&#038;r=g 2x' class='avatar avatar-30 photo' height='30' width='30' \/><span class=\"post_info_author_name\">\u0160iuolaikini\u0173 didaktik\u0173 centras<\/span><\/div><div itemprop=\"dateCreated\" class=\"post_info_date entry_date updated\">24 January, 2018<meta itemprop=\"interactionCount\" content=\"UserComments: <?php echo get_comments_number(qode_get_page_id()); ?>\"\/><\/div><\/div><\/div><\/div><\/li><li class=\"clearfix\"><div class=\"latest_post_two_image\"><a itemprop=\"url\" href=\"https:\/\/sdcentras.lt\/en\/life-stories-of-immigrants-guidebook-for-trainers-teachers-and-social-workers\/\"><\/a><\/div><div class=\"latest_post_two_inner\" ><div class=\"latest_post_two_text\"><h5 itemprop=\"name\" class=\"latest_post_two_title entry_title\"><a itemprop=\"url\" href=\"https:\/\/sdcentras.lt\/en\/life-stories-of-immigrants-guidebook-for-trainers-teachers-and-social-workers\/\" >Life-Stories of Immigrants : Guidebook for Trainers, Teachers and Social Workers<\/a><\/h5><div class=\"separator small left \" ><\/div><p itemprop=\"description\" class=\"latest_post_two_excerpt\" >Life-Stories of Immigrants : Guidebook for Trainers, Teachers and Social Workers Vilnius: Modern Didactics Center, 2004 This publication resulting from the project Trainers for European Citizens is based on experience of project participants from Belgium, Czech Republic, France, Germany, Greece, Lithuania, Spain and Sweden. Guidebook...<\/p><\/div><div class=\"latest_post_two_info\" ><div class=\"latest_post_two_info_inner\" ><div class=\"post_info_author\"><img alt='Author Image' src='https:\/\/secure.gravatar.com\/avatar\/e23a49f177f4add18245577349dad2cd766fcc361465c5680984edb48ad90d62?s=30&#038;d=mm&#038;r=g' srcset='https:\/\/secure.gravatar.com\/avatar\/e23a49f177f4add18245577349dad2cd766fcc361465c5680984edb48ad90d62?s=60&#038;d=mm&#038;r=g 2x' class='avatar avatar-30 photo' height='30' width='30' \/><span class=\"post_info_author_name\">\u0160iuolaikini\u0173 didaktik\u0173 centras<\/span><\/div><div itemprop=\"dateCreated\" class=\"post_info_date entry_date updated\">24 January, 2018<meta itemprop=\"interactionCount\" content=\"UserComments: <?php echo get_comments_number(qode_get_page_id()); ?>\"\/><\/div><\/div><\/div><\/div><\/li><li class=\"clearfix\"><div class=\"latest_post_two_image\"><a itemprop=\"url\" href=\"https:\/\/sdcentras.lt\/en\/critical-thinking-development-in-higher-education-study-programmes\/\"><img loading=\"lazy\" decoding=\"async\" width=\"600\" height=\"752\" src=\"https:\/\/sdcentras.lt\/wp-content\/uploads\/sdc-kritinis-mastymas-ukstojoje-mokykloje.jpg\" class=\"attachment-portfolio_masonry_with_space size-portfolio_masonry_with_space wp-post-image\" alt=\"Kritinis m\u0105stymas, ugdymas auk\u0161tojoje mokykloje, studij\u0173 programos, \u0160iuolaikini\u0173 didaktik\u0173 centras, 2004\" srcset=\"https:\/\/sdcentras.lt\/wp-content\/uploads\/sdc-kritinis-mastymas-ukstojoje-mokykloje.jpg 600w, https:\/\/sdcentras.lt\/wp-content\/uploads\/sdc-kritinis-mastymas-ukstojoje-mokykloje-239x300.jpg 239w\" sizes=\"auto, (max-width: 600px) 100vw, 600px\" \/><\/a><\/div><div class=\"latest_post_two_inner\" ><div class=\"latest_post_two_text\"><h5 itemprop=\"name\" class=\"latest_post_two_title entry_title\"><a itemprop=\"url\" href=\"https:\/\/sdcentras.lt\/en\/critical-thinking-development-in-higher-education-study-programmes\/\" >Critical Thinking Development in Higher Education : Study Programmes<\/a><\/h5><div class=\"separator small left \" ><\/div><p itemprop=\"description\" class=\"latest_post_two_excerpt\" >Critical Thinking Development in Higher Education : Study Programmes Vilnius: Modern Didactics Center, 2004 This publication presents results developed during two years of the project Critical Thinking Development in Higher Education \u2013 programmes of subject teaching, extended lectures plans, reflecting critical thinking teaching possibilities in...<\/p><\/div><div class=\"latest_post_two_info\" ><div class=\"latest_post_two_info_inner\" ><div class=\"post_info_author\"><img alt='Author Image' src='https:\/\/secure.gravatar.com\/avatar\/e23a49f177f4add18245577349dad2cd766fcc361465c5680984edb48ad90d62?s=30&#038;d=mm&#038;r=g' srcset='https:\/\/secure.gravatar.com\/avatar\/e23a49f177f4add18245577349dad2cd766fcc361465c5680984edb48ad90d62?s=60&#038;d=mm&#038;r=g 2x' class='avatar avatar-30 photo' height='30' width='30' \/><span class=\"post_info_author_name\">\u0160iuolaikini\u0173 didaktik\u0173 centras<\/span><\/div><div itemprop=\"dateCreated\" class=\"post_info_date entry_date updated\">24 January, 2018<meta itemprop=\"interactionCount\" content=\"UserComments: <?php echo get_comments_number(qode_get_page_id()); ?>\"\/><\/div><\/div><\/div><\/div><\/li><li class=\"clearfix\"><div class=\"latest_post_two_image\"><a itemprop=\"url\" href=\"https:\/\/sdcentras.lt\/en\/rwct-teachers-and-lecturers-certification-standards-and-procedures\/\"><img loading=\"lazy\" decoding=\"async\" width=\"609\" height=\"840\" src=\"https:\/\/sdcentras.lt\/wp-content\/uploads\/kritinis-mastymas-ugdymas-programos-standartai-lektoriams-mokytojams.jpg\" class=\"attachment-portfolio_masonry_with_space size-portfolio_masonry_with_space wp-post-image\" alt=\"Kritinis m\u0105stymas, ugdymo programos, mokytojas, lektorius, sertifikavimo standartai, proced\u016bros\" srcset=\"https:\/\/sdcentras.lt\/wp-content\/uploads\/kritinis-mastymas-ugdymas-programos-standartai-lektoriams-mokytojams.jpg 609w, https:\/\/sdcentras.lt\/wp-content\/uploads\/kritinis-mastymas-ugdymas-programos-standartai-lektoriams-mokytojams-218x300.jpg 218w\" sizes=\"auto, (max-width: 609px) 100vw, 609px\" \/><\/a><\/div><div class=\"latest_post_two_inner\" ><div class=\"latest_post_two_text\"><h5 itemprop=\"name\" class=\"latest_post_two_title entry_title\"><a itemprop=\"url\" href=\"https:\/\/sdcentras.lt\/en\/rwct-teachers-and-lecturers-certification-standards-and-procedures\/\" >RWCT Teacher&#8217;s and Lecturer&#8217;s Certification Standards and Procedures<\/a><\/h5><div class=\"separator small left \" ><\/div><p itemprop=\"description\" class=\"latest_post_two_excerpt\" >RWCT Teacher&#8217;s and Lecturer&#8217;s Certification Standards and Procedures Vilnius: Modern Didactics Center, 2004 The Standards are designed for professional development of Critical Thinking programme teachers and lecturers and are based on international RWCT standards. Certification also helps to sustain high quality of Critical Thinking programme....<\/p><\/div><div class=\"latest_post_two_info\" ><div class=\"latest_post_two_info_inner\" ><div class=\"post_info_author\"><img alt='Author Image' src='https:\/\/secure.gravatar.com\/avatar\/e23a49f177f4add18245577349dad2cd766fcc361465c5680984edb48ad90d62?s=30&#038;d=mm&#038;r=g' srcset='https:\/\/secure.gravatar.com\/avatar\/e23a49f177f4add18245577349dad2cd766fcc361465c5680984edb48ad90d62?s=60&#038;d=mm&#038;r=g 2x' class='avatar avatar-30 photo' height='30' width='30' \/><span class=\"post_info_author_name\">\u0160iuolaikini\u0173 didaktik\u0173 centras<\/span><\/div><div itemprop=\"dateCreated\" class=\"post_info_date entry_date updated\">24 January, 2018<meta itemprop=\"interactionCount\" content=\"UserComments: <?php echo get_comments_number(qode_get_page_id()); ?>\"\/><\/div><\/div><\/div><\/div><\/li><li class=\"clearfix\"><div class=\"latest_post_two_image\"><a itemprop=\"url\" href=\"https:\/\/sdcentras.lt\/en\/critical-thinking-theory-and-practice\/\"><img loading=\"lazy\" decoding=\"async\" width=\"600\" height=\"821\" src=\"https:\/\/sdcentras.lt\/wp-content\/uploads\/sdc-kritinis-mastymas-ugdymas-teorija-ir-praktika.jpg\" class=\"attachment-portfolio_masonry_with_space size-portfolio_masonry_with_space wp-post-image\" alt=\"Kritinis m\u0105stymas, ugdymas, teorija ir praktika\" srcset=\"https:\/\/sdcentras.lt\/wp-content\/uploads\/sdc-kritinis-mastymas-ugdymas-teorija-ir-praktika.jpg 600w, https:\/\/sdcentras.lt\/wp-content\/uploads\/sdc-kritinis-mastymas-ugdymas-teorija-ir-praktika-219x300.jpg 219w\" sizes=\"auto, (max-width: 600px) 100vw, 600px\" \/><\/a><\/div><div class=\"latest_post_two_inner\" ><div class=\"latest_post_two_text\"><h5 itemprop=\"name\" class=\"latest_post_two_title entry_title\"><a itemprop=\"url\" href=\"https:\/\/sdcentras.lt\/en\/critical-thinking-theory-and-practice\/\" >Critical Thinking : Theory and Practice<\/a><\/h5><div class=\"separator small left \" ><\/div><p itemprop=\"description\" class=\"latest_post_two_excerpt\" >Critical Thinking: Theory and Practice Vilnius, Garnelis, 2001. \u0160i knyga yra projekto &#8220;Kritinio m\u0105stymo ugdymas skaitant ir ra\u0161ant&#8221; veiklos rezultatas. Leidinys supa\u017eindina su kritinio m\u0105stymo ugdymo samprata, kritinio m\u0105stymo ugdymo schema ir jos taikymo privalumais. Knygoje aptariamos pamokos planavimo ir vertinimo galimyb\u0117s, pristatoma praktin\u0117 kritinio...<\/p><\/div><div class=\"latest_post_two_info\" ><div class=\"latest_post_two_info_inner\" ><div class=\"post_info_author\"><img alt='Author Image' src='https:\/\/secure.gravatar.com\/avatar\/e23a49f177f4add18245577349dad2cd766fcc361465c5680984edb48ad90d62?s=30&#038;d=mm&#038;r=g' srcset='https:\/\/secure.gravatar.com\/avatar\/e23a49f177f4add18245577349dad2cd766fcc361465c5680984edb48ad90d62?s=60&#038;d=mm&#038;r=g 2x' class='avatar avatar-30 photo' height='30' width='30' \/><span class=\"post_info_author_name\">\u0160iuolaikini\u0173 didaktik\u0173 centras<\/span><\/div><div itemprop=\"dateCreated\" class=\"post_info_date entry_date updated\">24 January, 2018<meta itemprop=\"interactionCount\" content=\"UserComments: <?php echo get_comments_number(qode_get_page_id()); ?>\"\/><\/div><\/div><\/div><\/div><\/li><li class=\"clearfix\"><div class=\"latest_post_two_image\"><a itemprop=\"url\" href=\"https:\/\/sdcentras.lt\/en\/playing-the-math-didactics-games-in-primary-school\/\"><\/a><\/div><div class=\"latest_post_two_inner\" ><div class=\"latest_post_two_text\"><h5 itemprop=\"name\" class=\"latest_post_two_title entry_title\"><a itemprop=\"url\" href=\"https:\/\/sdcentras.lt\/en\/playing-the-math-didactics-games-in-primary-school\/\" >Playing the Math: Didactics Games in Primary School<\/a><\/h5><div class=\"separator small left \" ><\/div><p itemprop=\"description\" class=\"latest_post_two_excerpt\" >INDRA\u0160IENE, Valdone Playing the Math: Didactics Games in Primary School Vilnius, Garnelis, 2001 The publication presents the impact and effective application of didactic games in primary education, the most effective ways of didactic games organization both in school and at home. Theoretical information is supplemented...<\/p><\/div><div class=\"latest_post_two_info\" ><div class=\"latest_post_two_info_inner\" ><div class=\"post_info_author\"><img alt='Author Image' src='https:\/\/secure.gravatar.com\/avatar\/e23a49f177f4add18245577349dad2cd766fcc361465c5680984edb48ad90d62?s=30&#038;d=mm&#038;r=g' srcset='https:\/\/secure.gravatar.com\/avatar\/e23a49f177f4add18245577349dad2cd766fcc361465c5680984edb48ad90d62?s=60&#038;d=mm&#038;r=g 2x' class='avatar avatar-30 photo' height='30' width='30' \/><span class=\"post_info_author_name\">\u0160iuolaikini\u0173 didaktik\u0173 centras<\/span><\/div><div itemprop=\"dateCreated\" class=\"post_info_date entry_date updated\">24 January, 2018<meta itemprop=\"interactionCount\" content=\"UserComments: <?php echo get_comments_number(qode_get_page_id()); ?>\"\/><\/div><\/div><\/div><\/div><\/li><li class=\"clearfix\"><div class=\"latest_post_two_image\"><a itemprop=\"url\" href=\"https:\/\/sdcentras.lt\/en\/student-drawing-competition-vilnius-2073\/\"><img loading=\"lazy\" decoding=\"async\" width=\"700\" height=\"700\" src=\"https:\/\/sdcentras.lt\/wp-content\/uploads\/Mokini\u0173-pie\u0161ini\u0173-konkursas-Vilnius-2073-700x700.jpg\" class=\"attachment-portfolio_masonry_with_space size-portfolio_masonry_with_space wp-post-image\" alt=\"\" srcset=\"https:\/\/sdcentras.lt\/wp-content\/uploads\/Mokini\u0173-pie\u0161ini\u0173-konkursas-Vilnius-2073-700x700.jpg 700w, https:\/\/sdcentras.lt\/wp-content\/uploads\/Mokini\u0173-pie\u0161ini\u0173-konkursas-Vilnius-2073-150x150.jpg 150w, https:\/\/sdcentras.lt\/wp-content\/uploads\/Mokini\u0173-pie\u0161ini\u0173-konkursas-Vilnius-2073-300x300.jpg 300w, https:\/\/sdcentras.lt\/wp-content\/uploads\/Mokini\u0173-pie\u0161ini\u0173-konkursas-Vilnius-2073-768x768.jpg 768w, https:\/\/sdcentras.lt\/wp-content\/uploads\/Mokini\u0173-pie\u0161ini\u0173-konkursas-Vilnius-2073-1024x1024.jpg 1024w, https:\/\/sdcentras.lt\/wp-content\/uploads\/Mokini\u0173-pie\u0161ini\u0173-konkursas-Vilnius-2073-570x570.jpg 570w, https:\/\/sdcentras.lt\/wp-content\/uploads\/Mokini\u0173-pie\u0161ini\u0173-konkursas-Vilnius-2073-500x500.jpg 500w, https:\/\/sdcentras.lt\/wp-content\/uploads\/Mokini\u0173-pie\u0161ini\u0173-konkursas-Vilnius-2073-1000x1000.jpg 1000w, https:\/\/sdcentras.lt\/wp-content\/uploads\/Mokini\u0173-pie\u0161ini\u0173-konkursas-Vilnius-2073.jpg 1080w\" sizes=\"auto, (max-width: 700px) 100vw, 700px\" \/><\/a><\/div><div class=\"latest_post_two_inner\" ><div class=\"latest_post_two_text\"><h5 itemprop=\"name\" class=\"latest_post_two_title entry_title\"><a itemprop=\"url\" href=\"https:\/\/sdcentras.lt\/en\/student-drawing-competition-vilnius-2073\/\" >Student drawing competition \u201eVilnius 2073\u201c<\/a><\/h5><div class=\"separator small left \" ><\/div><p itemprop=\"description\" class=\"latest_post_two_excerpt\" >We will all be celebrating an extraordinary birthday together soon &#8211; youthful Vilnius will celebrate its 700th anniversary! 2023 In the Pavilion located in the city center, we will introduce Vilnius 200 years ago, remember the special people who created Vilnius, and invite you not...<\/p><\/div><div class=\"latest_post_two_info\" ><div class=\"latest_post_two_info_inner\" ><div class=\"post_info_author\"><img alt='Author Image' src='https:\/\/secure.gravatar.com\/avatar\/e23a49f177f4add18245577349dad2cd766fcc361465c5680984edb48ad90d62?s=30&#038;d=mm&#038;r=g' srcset='https:\/\/secure.gravatar.com\/avatar\/e23a49f177f4add18245577349dad2cd766fcc361465c5680984edb48ad90d62?s=60&#038;d=mm&#038;r=g 2x' class='avatar avatar-30 photo' height='30' width='30' \/><span class=\"post_info_author_name\">\u0160iuolaikini\u0173 didaktik\u0173 centras<\/span><\/div><div itemprop=\"dateCreated\" class=\"post_info_date entry_date updated\">17 May, 2022<meta itemprop=\"interactionCount\" content=\"UserComments: <?php echo get_comments_number(qode_get_page_id()); ?>\"\/><\/div><\/div><\/div><\/div><\/li><li class=\"clearfix\"><div class=\"latest_post_two_image\"><a itemprop=\"url\" href=\"https:\/\/sdcentras.lt\/en\/mokyklinis-seimos-kalendorius\/\"><img loading=\"lazy\" decoding=\"async\" width=\"700\" height=\"400\" src=\"https:\/\/sdcentras.lt\/wp-content\/uploads\/ASSIST-kalendorius-LT-700x400.jpg\" class=\"attachment-portfolio_masonry_with_space size-portfolio_masonry_with_space wp-post-image\" alt=\"\" srcset=\"https:\/\/sdcentras.lt\/wp-content\/uploads\/ASSIST-kalendorius-LT-700x400.jpg 700w, https:\/\/sdcentras.lt\/wp-content\/uploads\/ASSIST-kalendorius-LT-300x172.jpg 300w, https:\/\/sdcentras.lt\/wp-content\/uploads\/ASSIST-kalendorius-LT-1024x586.jpg 1024w, https:\/\/sdcentras.lt\/wp-content\/uploads\/ASSIST-kalendorius-LT-768x439.jpg 768w, https:\/\/sdcentras.lt\/wp-content\/uploads\/ASSIST-kalendorius-LT-345x198.jpg 345w, https:\/\/sdcentras.lt\/wp-content\/uploads\/ASSIST-kalendorius-LT.jpg 1208w\" sizes=\"auto, (max-width: 700px) 100vw, 700px\" \/><\/a><\/div><div class=\"latest_post_two_inner\" ><div class=\"latest_post_two_text\"><h5 itemprop=\"name\" class=\"latest_post_two_title entry_title\"><a itemprop=\"url\" href=\"https:\/\/sdcentras.lt\/en\/mokyklinis-seimos-kalendorius\/\" >Family School Calendar<\/a><\/h5><div class=\"separator small left \" ><\/div><p itemprop=\"description\" class=\"latest_post_two_excerpt\" >[vc_row css_animation=&#8221;&#8221; row_type=&#8221;row&#8221; use_row_as_full_screen_section=&#8221;no&#8221; type=&#8221;full_width&#8221; angled_section=&#8221;no&#8221; text_align=&#8221;left&#8221; background_image_as_pattern=&#8221;without_pattern&#8221;][vc_column width=&#8221;1\/4&#8243;][vc_single_image image=&#8221;13790&#8243; img_size=&#8221;large&#8221; qode_css_animation=&#8221;&#8221;][\/vc_column][vc_column width=&#8221;3\/4&#8243;][vc_column_text] Family School Calendar Design: Ge<\/p><\/div><div class=\"latest_post_two_info\" ><div class=\"latest_post_two_info_inner\" ><div class=\"post_info_author\"><img alt='Author Image' src='https:\/\/secure.gravatar.com\/avatar\/6330cf43631ee066021b770f71dd1a347812f1883d9a7b07d2620593ea21be22?s=30&#038;d=mm&#038;r=g' srcset='https:\/\/secure.gravatar.com\/avatar\/6330cf43631ee066021b770f71dd1a347812f1883d9a7b07d2620593ea21be22?s=60&#038;d=mm&#038;r=g 2x' class='avatar avatar-30 photo' height='30' width='30' \/><span class=\"post_info_author_name\">JurgitaB<\/span><\/div><div itemprop=\"dateCreated\" class=\"post_info_date entry_date updated\">24 February, 2026<meta itemprop=\"interactionCount\" content=\"UserComments: <?php echo get_comments_number(qode_get_page_id()); ?>\"\/><\/div><\/div><\/div><\/div><\/li><li class=\"clearfix\"><div class=\"latest_post_two_image\"><a itemprop=\"url\" href=\"https:\/\/sdcentras.lt\/en\/philosophy-in-art-as-a-learning-tool-visual-thinking-strategies\/\"><img loading=\"lazy\" decoding=\"async\" width=\"499\" height=\"338\" src=\"https:\/\/sdcentras.lt\/wp-content\/uploads\/VT4E-training-course.jpg\" class=\"attachment-portfolio_masonry_with_space size-portfolio_masonry_with_space wp-post-image\" alt=\"\" srcset=\"https:\/\/sdcentras.lt\/wp-content\/uploads\/VT4E-training-course.jpg 499w, https:\/\/sdcentras.lt\/wp-content\/uploads\/VT4E-training-course-300x203.jpg 300w\" sizes=\"auto, (max-width: 499px) 100vw, 499px\" \/><\/a><\/div><div class=\"latest_post_two_inner\" ><div class=\"latest_post_two_text\"><h5 itemprop=\"name\" class=\"latest_post_two_title entry_title\"><a itemprop=\"url\" href=\"https:\/\/sdcentras.lt\/en\/philosophy-in-art-as-a-learning-tool-visual-thinking-strategies\/\" >Philosophy in Art as a Learning Tool\u00a0\u2013\u00a0Visual Thinking Strategies<\/a><\/h5><div class=\"separator small left \" ><\/div><p itemprop=\"description\" class=\"latest_post_two_excerpt\" >[vc_row css_animation=&#8221;&#8221; row_type=&#8221;row&#8221; use_row_as_full_screen_section=&#8221;no&#8221; type=&#8221;full_width&#8221; angled_section=&#8221;no&#8221; text_align=&#8221;left&#8221; background_image_as_pattern=&#8221;without_pattern&#8221;][vc_column width=&#8221;1\/4&#8243;][vc_single_image image=&#8221;14058&#8243; img_size=&#8221;medium&#8221; qode_css_animation=&#8221;&#8221;][\/vc_column][vc_column width=&#8221;3\/4&#8243;][vc_column_text] Online trainig course \u201ePhilosoph<\/p><\/div><div class=\"latest_post_two_info\" ><div class=\"latest_post_two_info_inner\" ><div class=\"post_info_author\"><img alt='Author Image' src='https:\/\/secure.gravatar.com\/avatar\/6330cf43631ee066021b770f71dd1a347812f1883d9a7b07d2620593ea21be22?s=30&#038;d=mm&#038;r=g' srcset='https:\/\/secure.gravatar.com\/avatar\/6330cf43631ee066021b770f71dd1a347812f1883d9a7b07d2620593ea21be22?s=60&#038;d=mm&#038;r=g 2x' class='avatar avatar-30 photo' height='30' width='30' \/><span class=\"post_info_author_name\">JurgitaB<\/span><\/div><div itemprop=\"dateCreated\" class=\"post_info_date entry_date updated\">26 February, 2026<meta itemprop=\"interactionCount\" content=\"UserComments: <?php echo get_comments_number(qode_get_page_id()); ?>\"\/><\/div><\/div><\/div><\/div><\/li><\/ul><\/div>[\/vc_column][\/vc_row]<\/p>\n","protected":false},"excerpt":{"rendered":"<p>[vc_row css_animation=&#8221;&#8221; row_type=&#8221;row&#8221; use_row_as_full_screen_section=&#8221;no&#8221; type=&#8221;full_width&#8221; angled_section=&#8221;no&#8221; text_align=&#8221;left&#8221; background_image_as_pattern=&#8221;without_pattern&#8221;][vc_column][\/vc_column][\/vc_row]<\/p>\n","protected":false},"author":1,"featured_media":0,"parent":21,"menu_order":0,"comment_status":"closed","ping_status":"closed","template":"","meta":{"footnotes":""},"class_list":["post-179","page","type-page","status-publish","hentry"],"acf":[],"aioseo_notices":[],"_links":{"self":[{"href":"https:\/\/sdcentras.lt\/en\/wp-json\/wp\/v2\/pages\/179","targetHints":{"allow":["GET"]}}],"collection":[{"href":"https:\/\/sdcentras.lt\/en\/wp-json\/wp\/v2\/pages"}],"about":[{"href":"https:\/\/sdcentras.lt\/en\/wp-json\/wp\/v2\/types\/page"}],"author":[{"embeddable":true,"href":"https:\/\/sdcentras.lt\/en\/wp-json\/wp\/v2\/users\/1"}],"replies":[{"embeddable":true,"href":"https:\/\/sdcentras.lt\/en\/wp-json\/wp\/v2\/comments?post=179"}],"version-history":[{"count":4,"href":"https:\/\/sdcentras.lt\/en\/wp-json\/wp\/v2\/pages\/179\/revisions"}],"predecessor-version":[{"id":11886,"href":"https:\/\/sdcentras.lt\/en\/wp-json\/wp\/v2\/pages\/179\/revisions\/11886"}],"up":[{"embeddable":true,"href":"https:\/\/sdcentras.lt\/en\/wp-json\/wp\/v2\/pages\/21"}],"wp:attachment":[{"href":"https:\/\/sdcentras.lt\/en\/wp-json\/wp\/v2\/media?parent=179"}],"curies":[{"name":"wp","href":"https:\/\/api.w.org\/{rel}","templated":true}]}}